{"id":12600,"date":"2025-01-24T07:23:16","date_gmt":"2025-01-24T07:23:16","guid":{"rendered":"https:\/\/www.e-works.fr\/blog\/?page_id=12600"},"modified":"2025-01-29T07:24:14","modified_gmt":"2025-01-29T07:24:14","slug":"graphiste","status":"publish","type":"page","link":"https:\/\/www.e-works.fr\/blog\/alternance\/graphiste\/","title":{"rendered":"Alternance Graphiste &#8211; Offres et annonce Graphiste en alternance"},"content":{"rendered":"<ul class=\"has-dates has-excerpts wp-block-rss\"><li class='wp-block-rss__item'><div class='wp-block-rss__item-title'><a href='https:\/\/fr.talent.com\/redirect?id=20eb6246103f&#038;source=eworks&#038;utm_source=partner&#038;utm_medium=eworks&#038;puid=3dee3deggadbgadefdda3dee3decadda9ddf8ddg3ded3aea3ee33ded3de93ee23de83ded3deg3degcddgbdde3ee33cebgbdb9bde3ee3addfcdd9eddbddd9eddd&#038;cg=talent&#038;pos=0&#038;xml_batch_generation_id=5be2d391-8851-4ff0-a5e8-31a83f087314&#038;falcon=1' rel=\"nofollow\">Alternance Graphiste print et digital &#8211; Bondy (F\/H) &#8211; Seine-Saint-Denis, \u00cele-de-France<\/a><\/div><time datetime=\"2025-08-27T00:00:00+00:00\" class=\"wp-block-rss__item-publish-date\">27\/08\/2025<\/time> <div class=\"wp-block-rss__item-excerpt\">Description : L\u2019ISCOD, sp\u00e9cialiste de la formation en Digital Learning, recherche pour son entreprise partenaire, une soci\u00e9t\u00e9 sp\u00e9cialis\u00e9e dans la publicit\u00e9, un graphiste print et digital en contrat d&#039;apprentissage, pour pr\u00e9parer l\u2019une de nos formations dipl\u00f4mantes reconnues par l&#039;Etat de niveau 5 \u00e0 niveau 7 (Bac+2, Bachelor\/Bac+3 ou Mast\u00e8re\/Bac+5). Choisissez l\u2019alternance nouvelle g\u00e9n\u00e9ration avec l&#039;ISCOD [&hellip;]<\/div><\/li><li class='wp-block-rss__item'><div class='wp-block-rss__item-title'><a href='https:\/\/fr.talent.com\/redirect?id=fe5f2f0cc720&#038;source=eworks&#038;utm_source=partner&#038;utm_medium=eworks&#038;puid=3aea3aebgddbgadafdde3aea3deg9add9add8dd93dee3deg3ee33ded3de93ee23de83ded3deg3degcddgbdde3ee33cebgbdb9bde3ee39ddfddd98ddb8dd9adda&#038;cg=talent&#038;pos=0&#038;xml_batch_generation_id=92b8320d-1e94-479d-8315-ec0629e917dd&#038;falcon=1' rel=\"nofollow\">Alternance Graphiste print\/web &#8211; Paris (F\/H) &#8211; Paris, \u00cele-de-France<\/a><\/div><time datetime=\"2025-07-29T00:00:00+00:00\" class=\"wp-block-rss__item-publish-date\">29\/07\/2025<\/time> <div class=\"wp-block-rss__item-excerpt\">Description : L\u2019ISCOD, sp\u00e9cialiste de la formation en Digital Learning, recherche pour son entreprise partenaire sp\u00e9cialiste de la reprographie : un Graphiste \/ web Designer en contrat d&#039;apprentissage, pour pr\u00e9parer l\u2019une de nos formations dipl\u00f4mantes reconnues par l&#039;Etat de niveau 5 \u00e0 niveau 7 (Bac+2, Bachelor\/Bac+3 ou Mast\u00e8re\/Bac+5). Choisissez l\u2019alternance nouvelle g\u00e9n\u00e9ration avec l&#039;ISCOD ! [&hellip;]<\/div><\/li><li class='wp-block-rss__item'><div class='wp-block-rss__item-title'><a href='https:\/\/fr.talent.com\/redirect?id=b3b019112dac&#038;source=eworks&#038;utm_source=partner&#038;utm_medium=eworks&#038;puid=3aee3dedgadegddgfddf3de73defgddf9ddefadcfadf3aed3ee33dec3deg3ee23ded3dea3deg3deg3degeddf9ed33ceb3bebgbde9ed33def9dd9dddbcdd98ddaad&#038;cg=talent&#038;pos=0&#038;xml_batch_generation_id=11e1e829-714b-4679-b1e9-ce0cefc07c8f&#038;falcon=1' rel=\"nofollow\">Graphiste Web &amp; Motion Design en Alternance H\/F &#8211; Loire, Auvergne-Rh\u00f4ne-Alpes<\/a><\/div><time datetime=\"2025-07-09T11:12:16+00:00\" class=\"wp-block-rss__item-publish-date\">09\/07\/2025<\/time> <div class=\"wp-block-rss__item-excerpt\">MyDigitalSchool Lyon recherche un(e) Graphiste Web &amp; Motion Design en alternance pour une entreprise partenaire sp\u00e9cialis\u00e9e dans la fabrication de portes d\u2019int\u00e9rieur haut de gamme. Ce poste est \u00e0 pourvoir dans le cadre d\u2019un Bachelor Cr\u00e9ation Num\u00e9rique.Pr\u00e9sentation de l&#039;entrepriseImplant\u00e9e \u00e0 L\u2019Horme (42), cette soci\u00e9t\u00e9 innovante allie design, technique et qualit\u00e9 dans le domaine de la [&hellip;]<\/div><\/li><li class='wp-block-rss__item'><div class='wp-block-rss__item-title'><a href='https:\/\/fr.talent.com\/redirect?id=dd0249300440&#038;source=eworks&#038;utm_source=partner&#038;utm_medium=eworks&#038;puid=3aec3aecgddggddefddc3de73dedbddggddg8ddc3dec3deg3ee33dee3de83ee23deg3de73deg3deggddgbddg3ee33cebgbdb9bde3ee3gddf8dd9cddbfddeaddf&#038;cg=talent&#038;pos=0&#038;falcon=1' rel=\"nofollow\">Graphiste Web &amp; Motion Design en Alternance H\/F &#8211; Loire, Auvergne-Rh\u00f4ne-Alpes<\/a><\/div><time datetime=\"2025-07-09T11:07:15+00:00\" class=\"wp-block-rss__item-publish-date\">09\/07\/2025<\/time> <div class=\"wp-block-rss__item-excerpt\">MyDigitalSchool Lyon recherche un(e) Graphiste Web &amp; Motion Design en alternance pour une entreprise partenaire sp\u00e9cialis\u00e9e dans la fabrication de portes d\u2019int\u00e9rieur haut de gamme. Ce poste est \u00e0 pourvoir dans le cadre d\u2019un Bachelor Cr\u00e9ation Num\u00e9rique.Pr\u00e9sentation de l&#039;entrepriseImplant\u00e9e \u00e0 L\u2019Horme (42), cette soci\u00e9t\u00e9 innovante allie design, technique et qualit\u00e9 dans le domaine de la [&hellip;]<\/div><\/li><li class='wp-block-rss__item'><div class='wp-block-rss__item-title'><a href='https:\/\/fr.talent.com\/redirect?id=f720dea45dd4&#038;source=eworks&#038;utm_source=partner&#038;utm_medium=eworks&#038;puid=3aea3de9gddegddgfadc3aeb3aefbddcgddb8adc3aec3dec3ee33dee3de83ee23deg3de73deg3deggddgbddg3ee33cebgbdb9bde3ee3eddf7dd9fddbeddeaddf&#038;cg=talent&#038;pos=0&#038;falcon=1' rel=\"nofollow\">Graphiste\/Marketing Digital H\/F En Alternance &#8211; Alpes-Maritimes, Provence-Alpes-C\u00f4te d&#039;Azur<\/a><\/div><time datetime=\"2025-06-23T19:35:54+00:00\" class=\"wp-block-rss__item-publish-date\">23\/06\/2025<\/time> <div class=\"wp-block-rss__item-excerpt\">MyDigitalSchool Nice, \u00e9cole sp\u00e9cialis\u00e9e dans le digital num\u00e9rique, recherche pour une entreprise partenaire un.e Graphiste\/Marketing Digital (H\/F) en alternance.\u00a0L\u2019objectif est d\u2019int\u00e9grer notre Bachelor Webmarketing &amp; Social Media ou notre Bachelor Cr\u00e9ation Num\u00e9rique pour Septembre 2024.\u00a0La formation est prise en charge \u00e0 100%.\u00a0Notre entreprise partenaire est un organisme de formation avec comme public cible les kin\u00e9sith\u00e9rapeutes.\u00a0MISSIONS:\u00a0G\u00e9rer [&hellip;]<\/div><\/li><li class='wp-block-rss__item'><div class='wp-block-rss__item-title'><a href='https:\/\/fr.talent.com\/redirect?id=f61b343da97d&#038;source=eworks&#038;utm_source=partner&#038;utm_medium=eworks&#038;puid=3aea3deagddfgadefddd3dec3dedaadcgadfgdd7fdd93aec3ee33ded3deb3ee23deg3dea3deg3deg3degdddfaed33ceb3bebgbde9ed33defddd9fddb9ddefddfad&#038;cg=talent&#038;pos=0&#038;falcon=1' rel=\"nofollow\">Graphiste web, motion &amp; print (H\/F) en alternance &#8211; Haute-Savoie, Auvergne-Rh\u00f4ne-Alpes<\/a><\/div><time datetime=\"2025-06-10T08:09:23+00:00\" class=\"wp-block-rss__item-publish-date\">10\/06\/2025<\/time> <div class=\"wp-block-rss__item-excerpt\">MyDigitalSchool, l\u2019\u00e9cole multim\u00e9dia sp\u00e9cialis\u00e9e dans les m\u00e9tiers du digital \u00e0 Annecy, recherche un Graphiste web, motion &amp; print (H\/F) en alternance pour l\u2019une de ses entreprises partenaires.Ce poste s&#039;adresse aux \u00e9tudiants qui souhaitent s&#039;orienter en Bachelor Cr\u00e9ation Num\u00e9rique.MISSIONSParticipation avec les autres membres de l\u2019\u00e9quipe aux recommandations agenceConception et r\u00e9alisation de diff\u00e9rents supports de communication digitaux [&hellip;]<\/div><\/li><li class='wp-block-rss__item'><div class='wp-block-rss__item-title'><a href='https:\/\/fr.talent.com\/redirect?id=6da7401a3b38&#038;source=eworks&#038;utm_source=partner&#038;utm_medium=eworks&#038;puid=3dea3aecgadfgdd9fddc3deg3def8adfgdddgadefddd3de83ee33ded3deb3ee23deg3dea3deg3deg3degdddfaed33ceb3bebgbde9ed33deffdd9bddb8dddddda7d&#038;cg=talent&#038;pos=0&#038;falcon=1' rel=\"nofollow\">Graphiste\/Marketing Digital H\/F En Alternance &#8211; Alpes-Maritimes, Provence-Alpes-C\u00f4te d&#039;Azur<\/a><\/div><time datetime=\"2025-05-22T04:39:03+00:00\" class=\"wp-block-rss__item-publish-date\">22\/05\/2025<\/time> <div class=\"wp-block-rss__item-excerpt\">MyDigitalSchool Nice, \u00e9cole sp\u00e9cialis\u00e9e dans le digital num\u00e9rique, recherche pour une entreprise partenaire un.e Graphiste\/Marketing Digital (H\/F) en alternance.\u00a0L\u2019objectif est d\u2019int\u00e9grer notre Bachelor Webmarketing &amp; Social Media ou notre Bachelor Cr\u00e9ation Num\u00e9rique pour Septembre 2024.\u00a0La formation est prise en charge \u00e0 100%.\u00a0Notre entreprise partenaire est un organisme de formation avec comme public cible les kin\u00e9sith\u00e9rapeutes.\u00a0MISSIONS:\u00a0G\u00e9rer [&hellip;]<\/div><\/li><li class='wp-block-rss__item'><div class='wp-block-rss__item-title'><a href='https:\/\/fr.talent.com\/redirect?id=6c861108d672&#038;source=eworks&#038;utm_source=partner&#038;utm_medium=eworks&#038;puid=3dea3aedgdd8gddafddf3def3degbdd8gadc8dda3de93dee3ee33dee3de83ee23deg3de73deg3deggddgbddg3ee33cebgbdb9bde3ee39ddfadd97ddbfddeaddf&#038;cg=talent&#038;pos=0&#038;falcon=1' rel=\"nofollow\">Graphiste web en alternance H\/F &#8211; Ille-et-Vilaine, Bretagne<\/a><\/div><time datetime=\"2025-05-22T02:13:13+00:00\" class=\"wp-block-rss__item-publish-date\">22\/05\/2025<\/time> <div class=\"wp-block-rss__item-excerpt\">Pr\u00e9sentation \u00e9coleBienvenue chez MyDigitalSchool Rennes, l&#039;\u00e9cole des m\u00e9tiers du digital, de la communication, du marketing et de la cr\u00e9ation, \u00e0 la p\u00e9dagogie en mode projet.Projets concrets, clients r\u00e9els &amp; formateurs.trices professionnel.le.s : chez MyDigitalSchool tu seras accompagn\u00e9.e tout au long de l\u2019ann\u00e9e pour devenir un.e r\u00e9el.le professionnel.le du digital !Les m\u00e9tiers du digital en quelques [&hellip;]<\/div><\/li><li class='wp-block-rss__item'><div class='wp-block-rss__item-title'><a href='https:\/\/fr.talent.com\/redirect?id=1479d6e8b360&#038;source=eworks&#038;utm_source=partner&#038;utm_medium=eworks&#038;puid=3def3decgdd9gdd7fadc3dea3aebbdd8gade8ddd3dea3deg3ee33dee3de83ee23deg3de73deg3deggddgbddg3ee33cebgbdb9bde3ee3dddfddd9bddbfddeaddf&#038;cg=talent&#038;pos=0&#038;falcon=1' rel=\"nofollow\">Graphiste web en alternance &#8211; Ille-et-Vilaine, Bretagne<\/a><\/div><time datetime=\"2025-05-22T02:13:13+00:00\" class=\"wp-block-rss__item-publish-date\">22\/05\/2025<\/time> <div class=\"wp-block-rss__item-excerpt\">Pr\u00e9sentation \u00e9coleBienvenue chez MyDigitalSchool Rennes, l&#039;\u00e9cole des m\u00e9tiers du digital, de la communication, du marketing et de la cr\u00e9ation, \u00e0 la p\u00e9dagogie en mode projet.Projets concrets, clients r\u00e9els &amp; formateurs.trices professionnel.le.s : chez MyDigitalSchool tu seras accompagn\u00e9.e tout au long de l\u2019ann\u00e9e pour devenir un.e r\u00e9el.le professionnel.le du digital !Les m\u00e9tiers du digital en quelques [&hellip;]<\/div><\/li><li class='wp-block-rss__item'><div class='wp-block-rss__item-title'><a href='https:\/\/fr.talent.com\/redirect?id=fddc9672fa4d&#038;source=eworks&#038;utm_source=partner&#038;utm_medium=eworks&#038;puid=3aea3aecgadcgaddfdd73dea3de9dddeaadaaadf3dec3aec3ee33dee3de83ee23de73ded3deg3degfddgcddg3ee33cebgbdb9bde3ee37ddffdd97ddbaddfaddd&#038;cg=talent&#038;pos=0&#038;falcon=1' rel=\"nofollow\">Alternance Graphiste\/Web Designer F\/H &#8211; Montrouge (F\/H) &#8211; Hauts-de-Seine, \u00cele-de-France<\/a><\/div><time datetime=\"2025-05-22T00:00:00+00:00\" class=\"wp-block-rss__item-publish-date\">22\/05\/2025<\/time> <div class=\"wp-block-rss__item-excerpt\">Description : L\u2019ISCOD, sp\u00e9cialiste de la formation en Digital Learning, recherche pour son entreprise partenaire, Sp\u00e9cialis\u00e9 dans la gestion immobili\u00e8re, Graphiste\/Web Designer, pour pr\u00e9parer l\u2019une de nos formations dipl\u00f4mantes reconnues par l&#039;Etat de niveau 5 \u00e0 niveau 7 (Bac+2, Bachelor\/Bac+3 et Mast\u00e8re\/Bac+5) Optez pour l\u2019alternance nouvelle g\u00e9n\u00e9ration avec l&#039;ISCOD ! Missions : En lien avec [&hellip;]<\/div><\/li><li class='wp-block-rss__item'><div class='wp-block-rss__item-title'><a href='https:\/\/fr.talent.com\/redirect?id=4c410151301e&#038;source=eworks&#038;utm_source=partner&#038;utm_medium=eworks&#038;puid=3dec3aedgddcgddffddg3def3debgddfgdddaddg3def3aeb3ee33dee3dea3ee23ded3dee3deg3deg8ddgddde3ee33cebgbdb9bde3ee3dddf8dd9gddbgddd7ddg&#038;cg=talent&#038;pos=0&#038;falcon=1' rel=\"nofollow\">Alternance Graphiste digital F\/F &#8211; Paris (F\/H) &#8211; Paris, \u00cele-de-France<\/a><\/div><time datetime=\"2025-05-22T00:00:00+00:00\" class=\"wp-block-rss__item-publish-date\">22\/05\/2025<\/time> <div class=\"wp-block-rss__item-excerpt\">Description : L\u2019ISCOD, sp\u00e9cialiste de la formation en Digital Learning, recherche pour son entreprise partenaire, agence digitale, un(e) Graphiste digital CRM, pour pr\u00e9parer l\u2019une de nos formations dipl\u00f4mantes reconnues par l&#039;Etat de niveau 5 \u00e0 niveau 7 (Bac+2, Bachelor\/Bac+3 et Mast\u00e8re\/Bac+5) Optez pour l\u2019alternance nouvelle g\u00e9n\u00e9ration avec l&#039;ISCOD ! Missions : Tes missions ? Production [&hellip;]<\/div><\/li><li class='wp-block-rss__item'><div class='wp-block-rss__item-title'><a href='https:\/\/fr.talent.com\/redirect?id=98bc74bfde38&#038;source=eworks&#038;utm_source=partner&#038;utm_medium=eworks&#038;puid=3de73de8gadegaddfdd93dec3aeebada8adcdadb3ded3de83ee33def3de93ee23dee3de93deg3deg8ddgeddg3ee33cebgbdb9bde3ee3fddfadd9cddccdd9cddd&#038;cg=talent&#038;pos=0&#038;falcon=1' rel=\"nofollow\">Graphiste Digital en alternance (H\/F) &#8211; Montigny-le-Bretonneux, \u00cele-de-France<\/a><\/div><time datetime=\"2025-05-14T19:47:56+00:00\" class=\"wp-block-rss__item-publish-date\">14\/05\/2025<\/time> <div class=\"wp-block-rss__item-excerpt\">Dans le cadre de votre formation en Bachelor Webdesign \u00e0 MyDigitalSchool SQY , nous recrutons un(e) Graphiste Digital en alternance pour une entreprise partenaire sp\u00e9cialis\u00e9e dans la conception et le d\u00e9veloppement de plateformes digitales.\u00a0 En int\u00e9grant cette \u00e9quipe dynamique, vous participerez activement \u00e0 la cr\u00e9ation et \u00e0 l\u2019optimisation de supports visuels innovants pour le web [&hellip;]<\/div><\/li><li class='wp-block-rss__item'><div class='wp-block-rss__item-title'><a href='https:\/\/fr.talent.com\/redirect?id=ef19c8bafc67&#038;source=eworks&#038;utm_source=partner&#038;utm_medium=eworks&#038;puid=3aeb3aeagddfgdd7fadd3de83aee8adf7adaeadd3dea3de93ee33def3ded3ee23ded3deg3deg3degfddgeddg3ee33cebgbdb9bde3ee3cddf9dd9addccdd9cddd&#038;cg=talent&#038;pos=0&#038;falcon=1' rel=\"nofollow\">Graphiste Web en alternance &#8211; Bordeaux, Nouvelle-Aquitaine<\/a><\/div><time datetime=\"2025-05-13T06:14:54+00:00\" class=\"wp-block-rss__item-publish-date\">13\/05\/2025<\/time> <div class=\"wp-block-rss__item-excerpt\">MyDigitalSchool Bordeaux , \u00e9cole des nouveaux m\u00e9tiers du digital du post-bac au Bac+5, recherche pour une entreprise partenaire un(e) Graphiste Web en alternance. DESCRIPTION DE L\u2019ENTREPRISE Notre entreprise partenaire est une agence sp\u00e9cialis\u00e9e dans le digital, qui propose des solutions web pour ses diff\u00e9rents clients. L\u2019objectif \u00e9tant de leur offrir une v\u00e9ritable pr\u00e9sence en ligne, [&hellip;]<\/div><\/li><li class='wp-block-rss__item'><div class='wp-block-rss__item-title'><a href='https:\/\/fr.talent.com\/redirect?id=c0f1a1c80ef8&#038;source=eworks&#038;utm_source=partner&#038;utm_medium=eworks&#038;puid=3aed3deggadagddffadf3def3aedcdd8addgaadb3aea3de83ee33dee3de83ee23de73dea3deg3degfddgcddf3ee33cebgbdb9bde3ee3gddf8dd9addbfddeaddf&#038;cg=talent&#038;pos=0&#038;falcon=1' rel=\"nofollow\">Alternance Graphiste Digital &#8211; Paris (F\/H) &#8211; Paris, \u00cele-de-France<\/a><\/div><time datetime=\"2025-05-13T00:00:00+00:00\" class=\"wp-block-rss__item-publish-date\">13\/05\/2025<\/time> <div class=\"wp-block-rss__item-excerpt\">Description : L\u2019ISCOD, sp\u00e9cialiste de la formation en Digital Learning, recherche pour son entreprise partenaire, un marque de bijoux reconnue, un(e) Graphiste Digital en contrat d&#039;apprentissage, pour pr\u00e9parer l\u2019une de nos formations dipl\u00f4mantes reconnues par l&#039;Etat de niveau 5 \u00e0 niveau 7 (Bac+2, Bachelor\/Bac+3 ou Mast\u00e8re\/Bac+5). Optez pour l\u2019alternance nouvelle g\u00e9n\u00e9ration avec l&#039;ISCOD ! Missions [&hellip;]<\/div><\/li><li class='wp-block-rss__item'><div class='wp-block-rss__item-title'><a href='https:\/\/fr.talent.com\/redirect?id=b0882aaac02e&#038;source=eworks&#038;utm_source=partner&#038;utm_medium=eworks&#038;puid=3aee3deggdd8gdd8fdde3aef3aefaadffaddbddg3dee3aeb3ee33dee3dee3ee23de73ded3deg3degdddgdddg3ee33cebgbdb9bde3ee38ddfgdd9dddc8ddbdddf&#038;cg=talent&#038;pos=0&#038;falcon=1' rel=\"nofollow\">Alternance Graphiste digital &#8211; Paris (F\/H) &#8211; Paris, \u00cele-de-France<\/a><\/div><time datetime=\"2025-03-20T00:00:00+00:00\" class=\"wp-block-rss__item-publish-date\">20\/03\/2025<\/time> <div class=\"wp-block-rss__item-excerpt\">Description :L\u2019ISCOD, sp\u00e9cialiste de la formation en Digital Learning, recherche pour son entreprise partenaire, agence digitale, un(e) Graphiste digital CRM, pour pr\u00e9parer l\u2019une de nos formations dipl\u00f4mantes reconnues par l&#039;Etat de niveau 5 \u00e0 niveau 7 (Bac+2, Bachelor\/Bac+3 et Mast\u00e8re\/Bac+5)Optez pour l\u2019alternance nouvelle g\u00e9n\u00e9ration avec l&#039;ISCOD !Missions :Tes missions ?Production de visuels pour les campagnes [&hellip;]<\/div><\/li><li class='wp-block-rss__item'><div class='wp-block-rss__item-title'><a href='https:\/\/fr.talent.com\/redirect?id=425086ec124e&#038;source=eworks&#038;utm_source=partner&#038;utm_medium=eworks&#038;puid=3dec3deegddbgddgfdd83dea3aeb3aed3def3dee3dec3aeb3ee33dee3de73ee23decddd7cddg3deg3deg7ddgaed33ceb7bdbgbde8ed37ddf8dd9gddcfd&#038;cg=talent&#038;pos=69&#038;falcon=1' rel=\"nofollow\">Alternance Graphiste web F\/H &#8211; Paris (F\/H) &#8211; Paris, \u00cele-de-France<\/a><\/div><time datetime=\"2025-02-19T00:00:00+00:00\" class=\"wp-block-rss__item-publish-date\">19\/02\/2025<\/time> <div class=\"wp-block-rss__item-excerpt\">Description :L\u2019ISCOD, sp\u00e9cialiste de la formation en Digital Learning, recherche pour un institut de beaut\u00e9 \u00e0 Paris, un Graphiste web F\/H en contrat d&#039;apprentissage, pour pr\u00e9parer l\u2019une de nos formations dipl\u00f4mantes reconnues par l&#039;Etat de niveau 5 \u00e0 niveau 7 (Bac+2, Bachelor\/Bac+3 ou Mast\u00e8re\/Bac+5).Choisissez l\u2019alternance nouvelle g\u00e9n\u00e9ration avec l&#039;ISCOD ! Missions :Rattach\u00e9(e) directement \u00e0 la [&hellip;]<\/div><\/li><li class='wp-block-rss__item'><div class='wp-block-rss__item-title'><a href='https:\/\/fr.talent.com\/redirect?id=356444ba6001&#038;source=eworks&#038;utm_source=partner&#038;utm_medium=eworks&#038;puid=3ded3debgddagddcfddc3dec3aeebadfgdda8ddg3deg3def3ee33dee3de83ee23deg3de73deg3deggddgbddg3ee33cebgbdb9bde3ee3cddf9dd97ddbfddeaddf&#038;cg=talent&#038;pos=2&#038;falcon=1' rel=\"nofollow\">Graphiste Digital en alternance (H\/F) &#8211; Yvelines, \u00cele-de-France<\/a><\/div><time datetime=\"2025-02-13T07:59:10+00:00\" class=\"wp-block-rss__item-publish-date\">13\/02\/2025<\/time> <div class=\"wp-block-rss__item-excerpt\">Dans le cadre de votre formation en Bachelor Webdesign \u00e0 MyDigitalSchool SQY, nous recrutons un(e) Graphiste Digital en alternance pour une entreprise partenaire sp\u00e9cialis\u00e9e dans la conception et le d\u00e9veloppement de plateformes digitales.\u00a0En int\u00e9grant cette \u00e9quipe dynamique, vous participerez activement \u00e0 la cr\u00e9ation et \u00e0 l\u2019optimisation de supports visuels innovants pour le web et les [&hellip;]<\/div><\/li><li class='wp-block-rss__item'><div class='wp-block-rss__item-title'><a href='https:\/\/fr.talent.com\/redirect?id=f9ab44bc6d96&#038;source=eworks&#038;utm_source=partner&#038;utm_medium=eworks&#038;puid=3aea3de7gadfgadefddc3dec3aeebaddcdda8adc3de73dea3ee33dee3de83ee23deb3dee3de73de7cdd7bdd73ee33cebabdbabde3ee3bddf7dd9dddcgddbcddf&#038;cg=talent&#038;pos=0&#038;falcon=1' rel=\"nofollow\">Graphiste Digital en alternance (H\/F) &#8211; Montigny-le-Bretonneux, \u00cele-de-France<\/a><\/div><time datetime=\"2025-02-13T06:54:06+00:00\" class=\"wp-block-rss__item-publish-date\">13\/02\/2025<\/time> <div class=\"wp-block-rss__item-excerpt\">Dans le cadre de votre formation en Bachelor Webdesign \u00e0 MyDigitalSchool SQY, nous recrutons un(e) Graphiste Digital en alternance pour une entreprise partenaire sp\u00e9cialis\u00e9e dans la conception et le d\u00e9veloppement de plateformes digitales.\u00a0En int\u00e9grant cette \u00e9quipe dynamique, vous participerez activement \u00e0 la cr\u00e9ation et \u00e0 l\u2019optimisation de supports visuels innovants pour le web et les [&hellip;]<\/div><\/li><li class='wp-block-rss__item'><div class='wp-block-rss__item-title'><a href='https:\/\/fr.talent.com\/redirect?id=f81c081dd118&#038;source=eworks&#038;utm_source=partner&#038;pos=382&#038;utm_medium=eworks&#038;puid=9adaddd82defbaddbddgedd83defgadc3aecgddf3defgdd8ged3fdde3deafed23de79ed3ecdb9bdb3bee7e934daf8da9cd9c2daf1da83da73de83deagddegdd82ee3gdda3de8ged2gddg2debgdde3ee3ced38ed3ded33ee3gddc3de79ed3ded32degbed3bdde&#038;cg=talent' rel=\"nofollow\">Graphiste\/ Illustrateur web HF en alternance &#8211; Bordeaux, Nouvelle-Aquitaine<\/a><\/div><time datetime=\"2025-02-11T14:31:45+00:00\" class=\"wp-block-rss__item-publish-date\">11\/02\/2025<\/time> <div class=\"wp-block-rss__item-excerpt\">MyDigitalSchool Bordeaux, \u00e9cole des nouveaux m\u00e9tiers du digital du post-bac au Bac+5 recherche pour une entreprise partenaire un(e) Assistant chef de projet digital HF en alternance. UNE FORMATION OU UN EMPLOI : POURQUOI PAS LES DEUX ?\u00a0 Vous pr\u00e9parerez sur 12 mois en contrat d\u2019apprentissage, un MBA Direction Artistique Digitale . La formation sera assur\u00e9e [&hellip;]<\/div><\/li><li class='wp-block-rss__item'><div class='wp-block-rss__item-title'><a href='https:\/\/fr.talent.com\/redirect?id=36974a925adf&#038;source=eworks&#038;utm_source=partner&#038;utm_medium=eworks&#038;puid=3ded3deagdd7gdd9fddc3aef3de7bddegddb8adf3aec3aea3ee33dee3de83ee23deg3de73deg3deggddgbddg3ee33cebgbdb9bde3ee3bddfedd9gddbeddeaddf&#038;cg=talent&#038;pos=0&#038;falcon=1' rel=\"nofollow\">Graphiste digital en alternance (H\/F) &#8211; Paris, \u00cele-de-France<\/a><\/div><time datetime=\"2025-01-31T06:41:05+00:00\" class=\"wp-block-rss__item-publish-date\">31\/01\/2025<\/time> <div class=\"wp-block-rss__item-excerpt\">MyDigitalSchool paris, \u00e9cole sp\u00e9cialis\u00e9e dans les m\u00e9tiers du digital recherche un(e) alternant(e) pour un poste de graphiste digital pour une de ses entreprises partenairesMissionsParticiper \u00e0 la conception visuelle de projets marketing digital pour les clientsTravailler en collaboration avec les experts en communication pour cr\u00e9er des visuels innovants et percutantsParticiper \u00e0 la cr\u00e9ation d&#039;\u00e9l\u00e9ments graphiques pour [&hellip;]<\/div><\/li><\/ul>\n\n\n<h2 class=\"wp-block-heading\">\ud83c\udfa8 Alternance Graphiste \u2013 Trouvez votre contrat en apprentissage ou professionnalisation<\/h2>\n\n\n\n<p>Le m\u00e9tier de <strong>Graphiste<\/strong> est essentiel pour cr\u00e9er des visuels impactants et coh\u00e9rents qui v\u00e9hiculent l&rsquo;identit\u00e9 d&rsquo;une marque. Une <strong>alternance en Graphisme<\/strong> est une opportunit\u00e9 id\u00e9ale pour d\u00e9velopper vos comp\u00e9tences en <strong>cr\u00e9ation visuelle, design graphique, illustration et mise en page<\/strong>, tout en acqu\u00e9rant de l&rsquo;exp\u00e9rience en entreprise.<\/p>\n\n\n\n<p>Si vous recherchez un <strong>contrat d\u2019apprentissage<\/strong> ou un <strong>contrat de professionnalisation<\/strong>, de nombreuses agences de communication, entreprises et studios cr\u00e9atifs recrutent des alternants pour participer \u00e0 leurs projets de cr\u00e9ation graphique.<\/p>\n\n\n\n<hr class=\"wp-block-separator has-alpha-channel-opacity\"\/>\n\n\n\n<h2 class=\"wp-block-heading\">\ud83d\ude80 Le r\u00f4le du Graphiste en alternance<\/h2>\n\n\n\n<p>En tant que <strong>Graphiste en alternance<\/strong>, vous serez responsable de la cr\u00e9ation de visuels destin\u00e9s \u00e0 divers supports de communication (web, print, branding, publicit\u00e9\u2026). Vous collaborerez avec les \u00e9quipes cr\u00e9atives et marketing pour concevoir des \u00e9l\u00e9ments visuels impactants, en ad\u00e9quation avec les attentes des clients ou des projets internes.<\/p>\n\n\n\n<h3 class=\"wp-block-heading\">\ud83d\udd39 Vos missions en tant que Graphiste en alternance :<\/h3>\n\n\n\n<p>\u2705 <strong>Cr\u00e9ation de supports de communication visuelle<\/strong> : affiches, brochures, flyers, banni\u00e8res web, newsletters\u2026<br>\u2705 <strong>D\u00e9veloppement d\u2019identit\u00e9s visuelles<\/strong> : logos, chartes graphiques, typographies, couleurs.<br>\u2705 <strong>Mise en page de documents print et digitaux<\/strong> pour des projets vari\u00e9s.<br>\u2705 <strong>R\u00e9alisation d\u2019illustrations et d\u2019animations<\/strong> pour enrichir l\u2019exp\u00e9rience visuelle.<br>\u2705 <strong>Retouche et montage photo<\/strong> pour les supports de communication.<br>\u2705 <strong>Veille graphique<\/strong> pour suivre les tendances et appliquer des techniques modernes.<\/p>\n\n\n\n<hr class=\"wp-block-separator has-alpha-channel-opacity\"\/>\n\n\n\n<h2 class=\"wp-block-heading\">\ud83c\udf93 Pourquoi choisir une alternance en Graphisme ?<\/h2>\n\n\n\n<p>\ud83c\udfa8 <strong>Un m\u00e9tier cr\u00e9atif et visuel<\/strong> : Id\u00e9al pour ceux qui sont passionn\u00e9s par l\u2019esth\u00e9tique et le design.<br>\ud83d\udcc8 <strong>Des comp\u00e9tences recherch\u00e9es<\/strong> : Logiciels de design comme Adobe Photoshop, Illustrator, InDesign, After Effects\u2026<br>\ud83d\udca1 <strong>Des opportunit\u00e9s dans de nombreux secteurs<\/strong> : Communication, publicit\u00e9, webdesign, branding, e-commerce.<br>\ud83c\udf0d <strong>Des possibilit\u00e9s de travailler pour des marques reconnues<\/strong> : Graphisme, branding, packaging, m\u00e9dias sociaux, publicit\u00e9, digital.<\/p>\n\n\n\n<hr class=\"wp-block-separator has-alpha-channel-opacity\"\/>\n\n\n\n<h2 class=\"wp-block-heading\">\ud83d\udd0e O\u00f9 trouver une alternance en Graphisme ?<\/h2>\n\n\n\n<p>De nombreuses entreprises et agences recrutent des <strong>Graphistes en alternance<\/strong> :<\/p>\n\n\n\n<p>\ud83c\udfe2 <strong>Grandes entreprises &amp; multinationales<\/strong> : <strong>L\u2019Or\u00e9al, Chanel, Nike, Disney, Coca-Cola, H&amp;M\u2026<\/strong><br>\ud83c\udfa8 <strong>Agences de communication &amp; de publicit\u00e9<\/strong> : Publicis, Havas, BETC, Ogilvy, DDB, FCB\u2026<br>\ud83d\udca1 <strong>Startups cr\u00e9atives &amp; studios de design<\/strong> : AKQA, 84.Paris, Artless, MadeByMany\u2026<br>\ud83d\udcf1 <strong>Secteurs de la mode, du luxe et de la tech<\/strong> : Apple, Google, Spotify, Zalando, Samsung\u2026<\/p>\n\n\n\n<h3 class=\"wp-block-heading\">\ud83d\udccd O\u00f9 postuler ?<\/h3>\n\n\n\n<p>\ud83d\udd17 LinkedIn<br>\ud83d\udd17 Welcome to the Jungle<br>\ud83d\udd17 Indeed<br>\ud83d\udd17 Apec<br>\ud83d\udd17 Alternance.fr<\/p>\n\n\n\n<hr class=\"wp-block-separator has-alpha-channel-opacity\"\/>\n\n\n\n<h2 class=\"wp-block-heading\">\ud83c\udfeb Quelles formations pour devenir Graphiste en alternance ?<\/h2>\n\n\n\n<p>\ud83c\udf93 <strong>\u00c9coles de design &amp; graphisme<\/strong> : Gobelins, LISAA, ECV, Sup de Cr\u00e9a, Penninghen\u2026<br>\ud83d\udca1 <strong>\u00c9coles d\u2019arts appliqu\u00e9s et communication<\/strong> : ISCOM, ESG, IDEM Paris\u2026<br>\ud83d\udcca <strong>Universit\u00e9s &amp; Masters sp\u00e9cialis\u00e9s<\/strong> : Universit\u00e9 Paris-Dauphine, Sorbonne, IAE, ESDI\u2026<\/p>\n\n\n\n<p>Les formations en <strong>design graphique, communication visuelle, motion design, et arts appliqu\u00e9s<\/strong> sont particuli\u00e8rement adapt\u00e9es pour ce m\u00e9tier.<\/p>\n\n\n\n<hr class=\"wp-block-separator has-alpha-channel-opacity\"\/>\n\n\n\n<h2 class=\"wp-block-heading\">\ud83d\udce2 Trouvez votre alternance en Graphisme d\u00e8s aujourd\u2019hui !<\/h2>\n\n\n\n<p>Une <strong>alternance en Graphisme<\/strong> est une occasion unique de <strong>d\u00e9velopper votre cr\u00e9ativit\u00e9 tout en acqu\u00e9rant des comp\u00e9tences techniques<\/strong> essentielles dans le monde du design. Vous aurez la possibilit\u00e9 de travailler sur des projets visuels vari\u00e9s et stimulants tout en apprenant aupr\u00e8s de professionnels du secteur.<\/p>\n\n\n\n<p>\ud83d\udd0e <strong>Postulez d\u00e8s maintenant et int\u00e9grez une entreprise qui vous permettra de perfectionner vos talents graphiques !<\/strong> \ud83d\ude80<\/p>\n","protected":false},"excerpt":{"rendered":"<p>\ud83c\udfa8 Alternance Graphiste \u2013 Trouvez votre contrat en apprentissage ou professionnalisation Le m\u00e9tier de Graphiste est essentiel pour cr\u00e9er des visuels impactants et coh\u00e9rents qui<\/p>\n","protected":false},"author":1,"featured_media":0,"parent":12531,"menu_order":0,"comment_status":"closed","ping_status":"closed","template":"","meta":{"footnotes":""},"class_list":["post-12600","page","type-page","status-publish","hentry"],"yoast_head":"<!-- This site is optimized with the Yoast SEO plugin v27.5 - https:\/\/yoast.com\/product\/yoast-seo-wordpress\/ -->\n<title>Alternance Graphiste - Offres et annonces avril 2026<\/title>\n<meta name=\"description\" content=\"\u00c0 la recherche d&#039;une alternance de graphiste ? D\u00e9couvrez nos offres actualis\u00e9es de avril 2026, et postulez directement en ligne.\" \/>\n<meta name=\"robots\" content=\"index, follow, max-snippet:-1, max-image-preview:large, max-video-preview:-1\" \/>\n<link rel=\"canonical\" href=\"https:\/\/www.e-works.fr\/blog\/alternance\/graphiste\/\" \/>\n<meta property=\"og:locale\" content=\"fr_FR\" \/>\n<meta property=\"og:type\" content=\"article\" \/>\n<meta property=\"og:title\" content=\"Alternance Graphiste - Offres et annonces avril 2026\" \/>\n<meta property=\"og:description\" content=\"\u00c0 la recherche d&#039;une alternance de graphiste ? D\u00e9couvrez nos offres actualis\u00e9es de avril 2026, et postulez directement en ligne.\" \/>\n<meta property=\"og:url\" content=\"https:\/\/www.e-works.fr\/blog\/alternance\/graphiste\/\" \/>\n<meta property=\"og:site_name\" content=\"Blog E-Works\" \/>\n<meta property=\"article:modified_time\" content=\"2025-01-29T07:24:14+00:00\" \/>\n<meta name=\"twitter:card\" content=\"summary_large_image\" \/>\n<meta name=\"twitter:label1\" content=\"Dur\u00e9e de lecture estim\u00e9e\" \/>\n\t<meta name=\"twitter:data1\" content=\"3 minutes\" \/>\n<script type=\"application\/ld+json\" class=\"yoast-schema-graph\">{\"@context\":\"https:\\\/\\\/schema.org\",\"@graph\":[{\"@type\":\"WebPage\",\"@id\":\"https:\\\/\\\/www.e-works.fr\\\/blog\\\/alternance\\\/graphiste\\\/\",\"url\":\"https:\\\/\\\/www.e-works.fr\\\/blog\\\/alternance\\\/graphiste\\\/\",\"name\":\"Alternance Graphiste - Offres et annonces avril 2026\",\"isPartOf\":{\"@id\":\"https:\\\/\\\/www.e-works.fr\\\/blog\\\/#website\"},\"datePublished\":\"2025-01-24T07:23:16+00:00\",\"dateModified\":\"2025-01-29T07:24:14+00:00\",\"description\":\"\u00c0 la recherche d'une alternance de graphiste ? D\u00e9couvrez nos offres actualis\u00e9es de avril 2026, et postulez directement en ligne.\",\"breadcrumb\":{\"@id\":\"https:\\\/\\\/www.e-works.fr\\\/blog\\\/alternance\\\/graphiste\\\/#breadcrumb\"},\"inLanguage\":\"fr-FR\",\"potentialAction\":[{\"@type\":\"ReadAction\",\"target\":[\"https:\\\/\\\/www.e-works.fr\\\/blog\\\/alternance\\\/graphiste\\\/\"]}]},{\"@type\":\"BreadcrumbList\",\"@id\":\"https:\\\/\\\/www.e-works.fr\\\/blog\\\/alternance\\\/graphiste\\\/#breadcrumb\",\"itemListElement\":[{\"@type\":\"ListItem\",\"position\":1,\"name\":\"Accueil\",\"item\":\"https:\\\/\\\/www.e-works.fr\\\/blog\\\/\"},{\"@type\":\"ListItem\",\"position\":2,\"name\":\"Offres d&rsquo;alternance digital\",\"item\":\"https:\\\/\\\/www.e-works.fr\\\/blog\\\/alternance\\\/\"},{\"@type\":\"ListItem\",\"position\":3,\"name\":\"Alternance Graphiste &#8211; Offres et annonce Graphiste en alternance\"}]},{\"@type\":\"WebSite\",\"@id\":\"https:\\\/\\\/www.e-works.fr\\\/blog\\\/#website\",\"url\":\"https:\\\/\\\/www.e-works.fr\\\/blog\\\/\",\"name\":\"Blog E-Works\",\"description\":\"Emploi dans le Webmarketing et le e-Commerce\",\"potentialAction\":[{\"@type\":\"SearchAction\",\"target\":{\"@type\":\"EntryPoint\",\"urlTemplate\":\"https:\\\/\\\/www.e-works.fr\\\/blog\\\/?s={search_term_string}\"},\"query-input\":{\"@type\":\"PropertyValueSpecification\",\"valueRequired\":true,\"valueName\":\"search_term_string\"}}],\"inLanguage\":\"fr-FR\"}]}<\/script>\n<!-- \/ Yoast SEO plugin. -->","yoast_head_json":{"title":"Alternance Graphiste - Offres et annonces avril 2026","description":"\u00c0 la recherche d'une alternance de graphiste ? D\u00e9couvrez nos offres actualis\u00e9es de avril 2026, et postulez directement en ligne.","robots":{"index":"index","follow":"follow","max-snippet":"max-snippet:-1","max-image-preview":"max-image-preview:large","max-video-preview":"max-video-preview:-1"},"canonical":"https:\/\/www.e-works.fr\/blog\/alternance\/graphiste\/","og_locale":"fr_FR","og_type":"article","og_title":"Alternance Graphiste - Offres et annonces avril 2026","og_description":"\u00c0 la recherche d'une alternance de graphiste ? D\u00e9couvrez nos offres actualis\u00e9es de avril 2026, et postulez directement en ligne.","og_url":"https:\/\/www.e-works.fr\/blog\/alternance\/graphiste\/","og_site_name":"Blog E-Works","article_modified_time":"2025-01-29T07:24:14+00:00","twitter_card":"summary_large_image","twitter_misc":{"Dur\u00e9e de lecture estim\u00e9e":"3 minutes"},"schema":{"@context":"https:\/\/schema.org","@graph":[{"@type":"WebPage","@id":"https:\/\/www.e-works.fr\/blog\/alternance\/graphiste\/","url":"https:\/\/www.e-works.fr\/blog\/alternance\/graphiste\/","name":"Alternance Graphiste - Offres et annonces avril 2026","isPartOf":{"@id":"https:\/\/www.e-works.fr\/blog\/#website"},"datePublished":"2025-01-24T07:23:16+00:00","dateModified":"2025-01-29T07:24:14+00:00","description":"\u00c0 la recherche d'une alternance de graphiste ? D\u00e9couvrez nos offres actualis\u00e9es de avril 2026, et postulez directement en ligne.","breadcrumb":{"@id":"https:\/\/www.e-works.fr\/blog\/alternance\/graphiste\/#breadcrumb"},"inLanguage":"fr-FR","potentialAction":[{"@type":"ReadAction","target":["https:\/\/www.e-works.fr\/blog\/alternance\/graphiste\/"]}]},{"@type":"BreadcrumbList","@id":"https:\/\/www.e-works.fr\/blog\/alternance\/graphiste\/#breadcrumb","itemListElement":[{"@type":"ListItem","position":1,"name":"Accueil","item":"https:\/\/www.e-works.fr\/blog\/"},{"@type":"ListItem","position":2,"name":"Offres d&rsquo;alternance digital","item":"https:\/\/www.e-works.fr\/blog\/alternance\/"},{"@type":"ListItem","position":3,"name":"Alternance Graphiste &#8211; Offres et annonce Graphiste en alternance"}]},{"@type":"WebSite","@id":"https:\/\/www.e-works.fr\/blog\/#website","url":"https:\/\/www.e-works.fr\/blog\/","name":"Blog E-Works","description":"Emploi dans le Webmarketing et le e-Commerce","potentialAction":[{"@type":"SearchAction","target":{"@type":"EntryPoint","urlTemplate":"https:\/\/www.e-works.fr\/blog\/?s={search_term_string}"},"query-input":{"@type":"PropertyValueSpecification","valueRequired":true,"valueName":"search_term_string"}}],"inLanguage":"fr-FR"}]}},"_links":{"self":[{"href":"https:\/\/www.e-works.fr\/blog\/wp-json\/wp\/v2\/pages\/12600","targetHints":{"allow":["GET"]}}],"collection":[{"href":"https:\/\/www.e-works.fr\/blog\/wp-json\/wp\/v2\/pages"}],"about":[{"href":"https:\/\/www.e-works.fr\/blog\/wp-json\/wp\/v2\/types\/page"}],"author":[{"embeddable":true,"href":"https:\/\/www.e-works.fr\/blog\/wp-json\/wp\/v2\/users\/1"}],"replies":[{"embeddable":true,"href":"https:\/\/www.e-works.fr\/blog\/wp-json\/wp\/v2\/comments?post=12600"}],"version-history":[{"count":2,"href":"https:\/\/www.e-works.fr\/blog\/wp-json\/wp\/v2\/pages\/12600\/revisions"}],"predecessor-version":[{"id":12741,"href":"https:\/\/www.e-works.fr\/blog\/wp-json\/wp\/v2\/pages\/12600\/revisions\/12741"}],"up":[{"embeddable":true,"href":"https:\/\/www.e-works.fr\/blog\/wp-json\/wp\/v2\/pages\/12531"}],"wp:attachment":[{"href":"https:\/\/www.e-works.fr\/blog\/wp-json\/wp\/v2\/media?parent=12600"}],"curies":[{"name":"wp","href":"https:\/\/api.w.org\/{rel}","templated":true}]}}